{"id":91,"date":"2020-10-21T00:51:34","date_gmt":"2020-10-21T03:51:34","guid":{"rendered":"https:\/\/asociacionesperanza.com.ar\/primario\/?page_id=91"},"modified":"2020-10-21T01:28:40","modified_gmt":"2020-10-21T04:28:40","slug":"admision-y-permanencia","status":"publish","type":"page","link":"https:\/\/asociacionesperanza.com.ar\/primario\/admision-y-permanencia\/","title":{"rendered":"Admisi\u00f3n y permanencia"},"content":{"rendered":"\n<figure class=\"wp-block-table is-style-regular\"><table><tbody><tr><td><strong>1- Compartir el ideario de la Asociaci\u00f3n Esperanza que rige nuestra tarea<\/strong><\/td><\/tr><\/tbody><\/table><\/figure>\n\n\n\n<ol class=\"wp-block-list\"><li>Es una asociaci\u00f3n civil sin fines de lucro cuya misi\u00f3n es crear, fomentar y apoyar cursos de ense\u00f1anza a alumnos con discapacidad.<\/li><li>Crear talleres de producci\u00f3n de bienes y servicios para permitirles una mejor inserci\u00f3n en la sociedad<\/li><li>La educaci\u00f3n debe ser integral y personalizada, que atienda a todas las necesidades de los educandos y los conduzca a desarrollar al m\u00e1ximo sus potencialidades.<\/li><li>La familia es la primera formadora de valores. La educaci\u00f3n de nuestros hijos es tarea de todos, el instituto, en ese aspecto cumple&nbsp; un rol subsidiario.<\/li><\/ol>\n\n\n\n<figure class=\"wp-block-table is-style-regular\"><table><tbody><tr><td><strong>2- Apoyar obra educativa de la Asociaci\u00f3n Esperanza<\/strong><\/td><\/tr><\/tbody><\/table><\/figure>\n\n\n\n<ol class=\"wp-block-list\"><li>Formar parte de la Asociaci\u00f3n Esperanza, asoci\u00e1ndose libremente, conociendo su estatuto.<\/li><li>Asistir puntualmente a las reuniones de padres citadas por la ASOCIACI\u00d3N ESPERANZA (75% de asistencia).<\/li><li>Pago en t\u00e9rmino de cuotas sociales, en caso de ser socios.<\/li><li>Colaborar en los proyectos que se orienten al crecimiento y desarrollo del instituto.<\/li><li>Colaborar con todos los requerimientos de las obras sociales.<\/li><\/ol>\n\n\n\n<figure class=\"wp-block-table is-style-regular\"><table><tbody><tr><td><strong>3- Comulgar con fines y objetivos institucionales de los&nbsp; Institutos<\/strong><\/td><\/tr><\/tbody><\/table><\/figure>\n\n\n\n<ol class=\"wp-block-list\"><li>Promover una educaci\u00f3n integral en el alumno, apuntando al perfeccionamiento pleno de su dignidad humana aplicando estrategias destinadas a fomentar y hacer adquirir conocimientos, habilidades, h\u00e1bitos, destrezas que le permitan a nuestros alumnos adquirir las competencias necesarias para integrarse al c\u00edrculo social y laboral.<\/li><li>Encarnar en nuestros ni\u00f1os y j\u00f3venes los valores que conforman nuestra identidad nacional, es decir formar buenas personas, honestas y solidarias.<\/li><\/ol>\n\n\n\n<figure class=\"wp-block-table is-style-regular\"><table><tbody><tr><td><strong>4- Cumplir por parte de los alumnos, los siguientes requisitos<\/strong><\/td><\/tr><\/tbody><\/table><\/figure>\n\n\n\n<ol class=\"wp-block-list\"><li>Adherir a los fines y objetivos de la Instituci\u00f3n.<\/li><li>Adecuada integraci\u00f3n del alumno o joven a su grupo de estudio o trabajo.<\/li><li>Adecuada integraci\u00f3n de los padres a la comunidad educativa.<\/li><li>Cumplir con el r\u00e9gimen de asistencia de cada Instituto.<\/li><\/ol>\n\n\n\n<figure class=\"wp-block-table is-style-regular\"><table><tbody><tr><td><strong>5- Cumplimiento de los Deberes y Derechos de los Asociados.<\/strong><\/td><\/tr><\/tbody><\/table><\/figure>\n\n\n\n<ul class=\"wp-block-list\"><li><strong>En caso de no cumplir se dar\u00e1 de baja al asociado.<\/strong><\/li><\/ul>\n\n\n\n<figure class=\"wp-block-table is-style-regular\"><table><tbody><tr><td><strong><strong>6- ADHESI\u00d3N AL SISTEMA DE BECAS<\/strong><\/strong><\/td><\/tr><\/tbody><\/table><\/figure>\n\n\n\n<ul class=\"wp-block-list\"><li><strong>Las mismas&nbsp; ser\u00e1n autorizadas por la Comisi\u00f3n Directiva de la Asociaci\u00f3n.<\/strong><\/li><\/ul>\n\n\n\n<h5 class=\"wp-block-heading\">Nosotros: <\/h5>\n\n\n\n<p>Declaramos bajo fe de juramento adherir y compartir los PRINCIPIOS B\u00c1SICOS DE ADMISI\u00d3N Y PERMANENCIA antes mencionados, como as\u00ed tambi\u00e9n adherimos al r\u00e9gimen previsto en el\u00a0 Estatuto de la ASOCIACI\u00d3N ESPERANZA, EN EL REGLAMENTO INTERNO DE LA MISMA Y DE TODAS LAS NORMAS DE CONVIVENCIA DEL INSTITUTO PRIMARIO ESPERANZA<\/p>\n\n\n\n<p>(Complete y env\u00ede el formulario)<\/p>\n\n\n\n<p><\/p>\n\n\n<div class=\"wpforms-container wpforms-container-full wpforms-block\" id=\"wpforms-88\"><form id=\"wpforms-form-88\" class=\"wpforms-validate wpforms-form\" data-formid=\"88\" method=\"post\" enctype=\"multipart\/form-data\" action=\"\/primario\/wp-json\/wp\/v2\/pages\/91\" data-token=\"1e8c8aaf9419216f661839444a976464\" data-token-time=\"1777229593\"><noscript class=\"wpforms-error-noscript\">Por favor, activa JavaScript en tu navegador para completar este formulario.<\/noscript><div class=\"wpforms-field-container\"><div id=\"wpforms-88-field_4-container\" class=\"wpforms-field wpforms-field-name\" data-field-id=\"4\"><label class=\"wpforms-field-label\" for=\"wpforms-88-field_4\">Nombre y Apellidos del Alumno <span class=\"wpforms-required-label\">*<\/span><\/label><div class=\"wpforms-field-row wpforms-field-medium\"><div class=\"wpforms-field-row-block wpforms-first wpforms-one-half\"><input type=\"text\" id=\"wpforms-88-field_4\" class=\"wpforms-field-name-first wpforms-field-required\" name=\"wpforms[fields][4][first]\" required><label for=\"wpforms-88-field_4\" class=\"wpforms-field-sublabel after\">Nombre<\/label><\/div><div class=\"wpforms-field-row-block wpforms-one-half\"><input type=\"text\" id=\"wpforms-88-field_4-last\" class=\"wpforms-field-name-last wpforms-field-required\" name=\"wpforms[fields][4][last]\" required><label for=\"wpforms-88-field_4-last\" class=\"wpforms-field-sublabel after\">Apellidos<\/label><\/div><\/div><\/div><div id=\"wpforms-88-field_7-container\" class=\"wpforms-field wpforms-field-text\" data-field-id=\"7\"><label class=\"wpforms-field-label\" for=\"wpforms-88-field_7\">Indique en qu\u00e9 grado cursar\u00e1 durante el 2021 <span class=\"wpforms-required-label\">*<\/span><\/label><input type=\"text\" id=\"wpforms-88-field_7\" class=\"wpforms-field-medium wpforms-field-required\" name=\"wpforms[fields][7]\" placeholder=\"Ej.: 3\u00b0\" required><\/div><div id=\"wpforms-88-field_1-container\" class=\"wpforms-field wpforms-field-name\" data-field-id=\"1\"><label class=\"wpforms-field-label\" for=\"wpforms-88-field_1\">Nombre y Apellido del Padre, Madre o Tutor\/a <span class=\"wpforms-required-label\">*<\/span><\/label><div class=\"wpforms-field-row wpforms-field-medium\"><div class=\"wpforms-field-row-block wpforms-first wpforms-one-half\"><input type=\"text\" id=\"wpforms-88-field_1\" class=\"wpforms-field-name-first wpforms-field-required\" name=\"wpforms[fields][1][first]\" required><label for=\"wpforms-88-field_1\" class=\"wpforms-field-sublabel after\">Nombre<\/label><\/div><div class=\"wpforms-field-row-block wpforms-one-half\"><input type=\"text\" id=\"wpforms-88-field_1-last\" class=\"wpforms-field-name-last wpforms-field-required\" name=\"wpforms[fields][1][last]\" required><label for=\"wpforms-88-field_1-last\" class=\"wpforms-field-sublabel after\">Apellidos<\/label><\/div><\/div><\/div><div id=\"wpforms-88-field_6-container\" class=\"wpforms-field wpforms-field-number\" data-field-id=\"6\"><label class=\"wpforms-field-label\" for=\"wpforms-88-field_6\">DNI del Padre, Madre o Tutor\/a: <span class=\"wpforms-required-label\">*<\/span><\/label><input type=\"number\" id=\"wpforms-88-field_6\" class=\"wpforms-field-medium wpforms-field-required\" name=\"wpforms[fields][6]\" required><\/div><div id=\"wpforms-88-field_5-container\" class=\"wpforms-field wpforms-field-radio\" data-field-id=\"5\"><label class=\"wpforms-field-label\" for=\"wpforms-88-field_5\">Seleccione la opci\u00f3n que corresponde, tiene la misma validez que su firma de pu\u00f1o y letra <span class=\"wpforms-required-label\">*<\/span><\/label><ul id=\"wpforms-88-field_5\" class=\"wpforms-field-required\"><li class=\"choice-1 depth-1\"><input type=\"radio\" id=\"wpforms-88-field_5_1\" name=\"wpforms[fields][5]\" value=\"Padre\" required ><label class=\"wpforms-field-label-inline\" for=\"wpforms-88-field_5_1\">Padre<\/label><\/li><li class=\"choice-2 depth-1\"><input type=\"radio\" id=\"wpforms-88-field_5_2\" name=\"wpforms[fields][5]\" value=\"Madre\" required ><label class=\"wpforms-field-label-inline\" for=\"wpforms-88-field_5_2\">Madre<\/label><\/li><li class=\"choice-3 depth-1\"><input type=\"radio\" id=\"wpforms-88-field_5_3\" name=\"wpforms[fields][5]\" value=\"Tutor\/a\" required ><label class=\"wpforms-field-label-inline\" for=\"wpforms-88-field_5_3\">Tutor\/a<\/label><\/li><\/ul><\/div><\/div><!-- .wpforms-field-container --><div class=\"wpforms-recaptcha-container wpforms-is-recaptcha wpforms-is-recaptcha-type-v3\" ><input type=\"hidden\" name=\"wpforms[recaptcha]\" value=\"\"><\/div><div class=\"wpforms-submit-container\" ><input type=\"hidden\" name=\"wpforms[id]\" value=\"88\"><input type=\"hidden\" name=\"page_title\" value=\"\"><input type=\"hidden\" name=\"page_url\" value=\"https:\/\/asociacionesperanza.com.ar\/primario\/wp-json\/wp\/v2\/pages\/91\"><button type=\"submit\" name=\"wpforms[submit]\" id=\"wpforms-submit-88\" class=\"wpforms-submit\" data-alt-text=\"Enviando...\" data-submit-text=\"Enviar\" aria-live=\"assertive\" value=\"wpforms-submit\">Enviar<\/button><\/div><\/form><\/div>  <!-- .wpforms-container -->","protected":false},"excerpt":{"rendered":"<p>1- Compartir el ideario de la Asociaci\u00f3n Esperanza que rige nuestra tarea Es una asociaci\u00f3n civil sin fines de lucro cuya misi\u00f3n es crear, fomentar y apoyar cursos de ense\u00f1anza a alumnos con discapacidad. Crear talleres de producci\u00f3n de bienes y servicios para permitirles una mejor inserci\u00f3n en la sociedad La educaci\u00f3n debe ser integral y personalizada, que atienda a todas las necesidades de los educandos y los conduzca a desarrollar al m\u00e1ximo sus potencialidades. La familia es la primera formadora de valores. La educaci\u00f3n de nuestros hijos es tarea de todos, el instituto, en ese aspecto cumple&nbsp; un rol\u2026<\/p>\n","protected":false},"author":2,"featured_media":0,"parent":0,"menu_order":0,"comment_status":"closed","ping_status":"closed","template":"","meta":{"footnotes":""},"class_list":["post-91","page","type-page","status-publish","hentry"],"blocksy_meta":{"styles_descriptor":{"styles":{"desktop":"","tablet":"","mobile":""},"google_fonts":[],"version":4}},"_links":{"self":[{"href":"https:\/\/asociacionesperanza.com.ar\/primario\/wp-json\/wp\/v2\/pages\/91"}],"collection":[{"href":"https:\/\/asociacionesperanza.com.ar\/primario\/wp-json\/wp\/v2\/pages"}],"about":[{"href":"https:\/\/asociacionesperanza.com.ar\/primario\/wp-json\/wp\/v2\/types\/page"}],"author":[{"embeddable":true,"href":"https:\/\/asociacionesperanza.com.ar\/primario\/wp-json\/wp\/v2\/users\/2"}],"replies":[{"embeddable":true,"href":"https:\/\/asociacionesperanza.com.ar\/primario\/wp-json\/wp\/v2\/comments?post=91"}],"version-history":[{"count":5,"href":"https:\/\/asociacionesperanza.com.ar\/primario\/wp-json\/wp\/v2\/pages\/91\/revisions"}],"predecessor-version":[{"id":117,"href":"https:\/\/asociacionesperanza.com.ar\/primario\/wp-json\/wp\/v2\/pages\/91\/revisions\/117"}],"wp:attachment":[{"href":"https:\/\/asociacionesperanza.com.ar\/primario\/wp-json\/wp\/v2\/media?parent=91"}],"curies":[{"name":"wp","href":"https:\/\/api.w.org\/{rel}","templated":true}]}}